{"id":39,"date":"2021-12-10T07:03:12","date_gmt":"2021-12-10T07:03:12","guid":{"rendered":"https:\/\/tulalunew.rvpb.ch\/?page_id=39"},"modified":"2022-11-01T13:47:25","modified_gmt":"2022-11-01T13:47:25","slug":"association","status":"publish","type":"page","link":"https:\/\/tulalu.ch\/?page_id=39","title":{"rendered":"Association"},"content":{"rendered":"<p>[et_pb_section fb_built=&#8221;1&#8243; _builder_version=&#8221;4.16&#8243; _module_preset=&#8221;default&#8221; global_colors_info=&#8221;{}&#8221;][et_pb_row _builder_version=&#8221;4.16&#8243; _module_preset=&#8221;default&#8221; global_colors_info=&#8221;{}&#8221;][et_pb_column type=&#8221;4_4&#8243; _builder_version=&#8221;4.16&#8243; _module_preset=&#8221;default&#8221; global_colors_info=&#8221;{}&#8221;][et_pb_text _builder_version=&#8221;4.16&#8243; _module_preset=&#8221;default&#8221; text_text_color=&#8221;rgba(76,76,76,0)&#8221; header_text_color=&#8221;#3d3d3d&#8221; global_colors_info=&#8221;{}&#8221;]<\/p>\n<div data-gutter=\"gutter-default\" class=\"themify_builder_row themify_builder_2467_row module_row module_row_1 clearfix gutter-default col_align_top\" data-equal-column-height=\"\" data-column-alignment=\"col_align_top\">\n<div class=\"row_inner_wrapper\">\n<div class=\"row_inner\">\n<div class=\"col-full first tb-column  tb_2467_column module_column_0 module_column\">\n<div class=\"tb-column-inner\">\n<div id=\"text-2467-1-0-1\" class=\"module module-text text-2467-1-0-1   \">\n<h3><span style=\"color: #000080;\">L\u2019Association Tulalu!?<\/span><\/h3>\n<p><span style=\"font-size: 16px;\">\u00a0<\/span><\/p>\n<\/div>\n<\/div>\n<\/div>\n<\/div>\n<\/div>\n<\/div>\n<div data-gutter=\"gutter-default\" class=\"themify_builder_row themify_builder_2467_row module_row module_row_2 clearfix gutter-default\" data-equal-column-height=\"\" data-column-alignment=\"\">\n<div class=\"row_inner_wrapper\">\n<div class=\"row_inner\">\n<div class=\"col3-2 first tb-column  tb_2467_column module_column_0 module_column\">\n<div class=\"tb-column-inner\">\n<div id=\"text-2467-2-0-1\" class=\"module module-text text-2467-2-0-1   \">\n<p><span style=\"color: #333333;\">Tulalu\u2009!? est un caf\u00e9 litt\u00e9raire cr\u00e9\u00e9 par\u00a0<span style=\"color: #000080;\"><strong>Miguel Moura<\/strong><\/span>\u00a0en 2007. Entre 2008 et 2009, les rencontres ont r\u00e9guli\u00e8rement lieu au\u00a0<span style=\"color: #000080;\"><strong>Zin\u00e9ma<\/strong>\u00a0<\/span>\u00e0 Lausanne. Chacun apporte un livre et vient partager son go\u00fbt de la lecture. D\u00e8s 2008, plusieurs auteurs romands commencent \u00e0 se glisser dans la salle et \u00e0 participer \u00e0 ces soir\u00e9es. La proximit\u00e9 avec ces \u00e9crivains encourage alors le public \u00e0 leur poser des questions ou\/et \u00e0 acheter leurs livres. Des \u00e9changes extraordinaires voient le jour lors de ces rencontres, la question de la place de la litt\u00e9rature romande y est tr\u00e8s souvent abord\u00e9e, et tout le monde se rend compte qu\u2019elle n\u2019est pas assez mise en valeur.<\/span><\/p>\n<p><span style=\"color: #333333;\">Encourag\u00e9s par le succ\u00e8s de ce caf\u00e9 litt\u00e9raire,\u00a0<span style=\"color: #000080;\"><strong>Miguel Moura<\/strong>,\u00a0<strong>C\u00e9line Chappuis<\/strong>\u00a0et\u00a0<strong>Carole Dubuis<\/strong><\/span> d\u00e9cident en 2010 de cr\u00e9er une association en vue de promouvoir la litt\u00e9rature suisse romande \u00e0 travers des rencontres litt\u00e9raires et des soir\u00e9es sp\u00e9ciales.<span style=\"color: #000080;\"> <a href=\"https:\/\/tulalu.ch\/equipe\/\" style=\"color: #000080;\"><strong>(Voir la composition actuelle du comit\u00e9 ici)<\/strong><\/a><\/span><br \/><\/span><\/p>\n<p><span style=\"color: #333333;\">Le but de l\u2019Association est de favoriser les \u00e9changes entre un e\u0301crivain et le public. Pour cela, Tulalu !? propose non seulement\u00a0<span style=\"color: #000080;\"><strong>un entretien avec un auteur suisse romand<\/strong><\/span>, mais e\u0301galement des\u00a0<span style=\"color: #000080;\"><strong>lectures originales<\/strong><\/span>\u00a0de ses textes gra\u0302ce a\u0300 des come\u0301diens et musiciens professionnels.<\/span><\/p>\n<p><span style=\"color: #333333;\">Tulalu !? tend \u00e0 :<\/span><\/p>\n<ul>\n<li><span style=\"color: #333333;\">\u00eatre un\u00a0<span style=\"color: #000080;\"><strong>outil de promotion<\/strong><\/span>\u00a0\u00e0 l\u2019intention des\u00a0<span style=\"color: #000080;\"><strong>\u00e9crivains de nationalit\u00e9\u00a0suisse ou r\u00e9sidant en Suisse<\/strong>,<\/span> \u00e9crivains dont les \u0153uvres \u2013 fictions ou po\u00e8mes publi\u00e9s \u00e0 compte d\u2019\u00e9diteur \u2013 sont \u00e9crites ou traduites en fran\u00e7ais ;<\/span><\/li>\n<li><span style=\"color: #333333;\">mettre sur pied des \u00e9v\u00e8nements distrayants et plaisants, des spectacles vivants et originaux afin de nourrir la curiosit\u00e9 et l\u2019int\u00e9r\u00eat du public au sujet des auteurs invit\u00e9s en proposant une\u00a0<span style=\"color: #000080;\"><strong>formule destin\u00e9e \u00e0 un large public<\/strong>\u00a0<\/span>;<\/span><\/li>\n<li><span style=\"color: #333333;\"><span style=\"color: #000080;\"><strong>innover et \u00e0 s\u2019adapter constamment<\/strong>\u00a0<\/span>de mani\u00e8re dynamique\u00a0;<\/span><\/li>\n<li><span style=\"color: #333333;\"><span style=\"color: #000080;\"><strong>d\u00e9frayer les auteurs<\/strong><\/span>\u00a0au plus pr\u00e8s des normes de l\u2019AdS (autrices et auteurs de Suisse) ;<\/span><\/li>\n<li><span style=\"color: #333333;\"><span style=\"color: #000080;\"><strong>collaborer avec d\u2019autres associations et institutions<\/strong>\u00a0<\/span>avec lesquelles elle cherche \u00e0 cr\u00e9er des liens et des projets en communs.<\/span><\/li>\n<\/ul>\n<p><span style=\"color: #333333;\">Le comit\u00e9 choisit\u00a0d\u2019<span style=\"color: #000080;\"><strong>inviter des auteurs<\/strong><\/span>\u00a0aux rencontres de Tulalu !? selon des crit\u00e8res de l\u00e9gitimit\u00e9 au sein de la profession. Ce choix peut se fonder sur l\u2019actualit\u00e9 r\u00e9cente, mais pas obligatoirement, ceci afin de laisser de la place aux auteurs d\u00e9couverts ou remarqu\u00e9s plus tard par l\u2019Association.<\/span><\/p>\n<p><span style=\"color: #333333;\">Tulalu !? a pour r\u00eave de s\u2019\u00e9tendre sur toute la Romandie en utilisant les\u00a0<span style=\"color: #000080;\"><strong>ressources humaines et logistiques se trouvant sur place<\/strong>\u00a0<\/span>en synergie avec les villes et les institutions avec lesquelles elle cr\u00e9e des liens, par exemple en<span style=\"color: #000080;\">\u00a0<\/span><strong><span style=\"color: #000080;\">parrainant des initiatives locales<\/span>.<\/strong><\/span><\/p>\n<p><span style=\"color: #333333;\">Tulalu !? r\u00eave \u00e9galement de d\u00e9velopper\u00a0<span style=\"color: #000080;\"><strong>sa capacit\u00e9 de promotion sur le plan \u00e0 la fois local et r\u00e9gional<\/strong><\/span>,\u00a0dans le but de se faire conna\u00eetre d\u2019un large public.\u00a0 Ses efforts de communication devraient, \u00e0 terme, profiter aux auteurs invit\u00e9s et encourager les projets parrain\u00e9s.<\/span><\/p>\n<\/div>\n<\/div>\n<\/div>\n<\/div>\n<\/div>\n<\/div>\n<p>[\/et_pb_text][\/et_pb_column][\/et_pb_row][\/et_pb_section]<\/p>\n","protected":false},"excerpt":{"rendered":"<p>L\u2019Association Tulalu!? \u00a0 Tulalu\u2009!? est un caf\u00e9 litt\u00e9raire cr\u00e9\u00e9 par\u00a0Miguel Moura\u00a0en 2007. Entre 2008 et 2009, les rencontres ont r\u00e9guli\u00e8rement lieu au\u00a0Zin\u00e9ma\u00a0\u00e0 Lausanne. Chacun apporte un livre et vient partager son go\u00fbt de la lecture. D\u00e8s 2008, plusieurs auteurs romands commencent \u00e0 se glisser dans la salle et \u00e0 participer \u00e0 ces soir\u00e9es. La proximit\u00e9 [&hellip;]<\/p>\n","protected":false},"author":1,"featured_media":0,"parent":0,"menu_order":0,"comment_status":"closed","ping_status":"closed","template":"","meta":{"_et_pb_use_builder":"on","_et_pb_old_content":"<!-- wp:divi\/placeholder \/-->","_et_gb_content_width":"","footnotes":""},"class_list":["post-39","page","type-page","status-publish","hentry"],"_links":{"self":[{"href":"https:\/\/tulalu.ch\/index.php?rest_route=\/wp\/v2\/pages\/39","targetHints":{"allow":["GET"]}}],"collection":[{"href":"https:\/\/tulalu.ch\/index.php?rest_route=\/wp\/v2\/pages"}],"about":[{"href":"https:\/\/tulalu.ch\/index.php?rest_route=\/wp\/v2\/types\/page"}],"author":[{"embeddable":true,"href":"https:\/\/tulalu.ch\/index.php?rest_route=\/wp\/v2\/users\/1"}],"replies":[{"embeddable":true,"href":"https:\/\/tulalu.ch\/index.php?rest_route=%2Fwp%2Fv2%2Fcomments&post=39"}],"version-history":[{"count":7,"href":"https:\/\/tulalu.ch\/index.php?rest_route=\/wp\/v2\/pages\/39\/revisions"}],"predecessor-version":[{"id":825,"href":"https:\/\/tulalu.ch\/index.php?rest_route=\/wp\/v2\/pages\/39\/revisions\/825"}],"wp:attachment":[{"href":"https:\/\/tulalu.ch\/index.php?rest_route=%2Fwp%2Fv2%2Fmedia&parent=39"}],"curies":[{"name":"wp","href":"https:\/\/api.w.org\/{rel}","templated":true}]}}