{"id":49,"date":"2021-12-10T07:07:37","date_gmt":"2021-12-10T07:07:37","guid":{"rendered":"https:\/\/tulalunew.rvpb.ch\/?page_id=49"},"modified":"2024-07-01T07:37:49","modified_gmt":"2024-07-01T07:37:49","slug":"equipe","status":"publish","type":"page","link":"https:\/\/tulalu.ch\/?page_id=49","title":{"rendered":"Equipe"},"content":{"rendered":"<p>[et_pb_section fb_built=&#8221;1&#8243; _builder_version=&#8221;4.16&#8243; _module_preset=&#8221;default&#8221; custom_padding=&#8221;||54px|||&#8221; global_colors_info=&#8221;{}&#8221;][et_pb_row _builder_version=&#8221;4.16&#8243; _module_preset=&#8221;default&#8221; global_colors_info=&#8221;{}&#8221;][et_pb_column type=&#8221;4_4&#8243; _builder_version=&#8221;4.16&#8243; _module_preset=&#8221;default&#8221; global_colors_info=&#8221;{}&#8221;][et_pb_text _builder_version=&#8221;4.16&#8243; _module_preset=&#8221;default&#8221; text_font=&#8221;||||||||&#8221; text_font_size=&#8221;18px&#8221; custom_padding=&#8221;||0px|||&#8221; global_colors_info=&#8221;{}&#8221;]<\/p>\n<div id=\"text-3602-1-0-1\">\n<h3><span style=\"color: #000080;\">L\u2019\u00e9quipe de Tulalu!?<\/span><a href=\"https:\/\/tulalu.ch\/team\/une-nouvelle-equipe-pour-2021\/\" title=\"Une nouvelle \u00e9quipe pour 2021\"><br \/><\/a><\/h3>\n<\/div>\n<div id=\"text-3602-1-0-2\">\n<article id=\"team-7350\">\n<div>\n<div>\n<div>\n<p>&nbsp;<\/p>\n<\/div>\n<\/div>\n<\/div>\n<\/article>\n<\/div>\n<p>[\/et_pb_text][et_pb_team_member name=&#8221;Corn\u00e9lia de Preux&#8221; position=&#8221;Pr\u00e9sidente&#8221; image_url=&#8221;https:\/\/tulalu.ch\/wp-content\/uploads\/2022\/01\/CORNELIA_DE_PREUX_copyright-Florian-Cella.webp&#8221; _builder_version=&#8221;4.16&#8243; _module_preset=&#8221;default&#8221; header_level=&#8221;h2&#8243; header_font=&#8221;|||||on|||&#8221; body_font=&#8221;Abel||||||||&#8221; body_font_size=&#8221;18px&#8221; custom_padding=&#8221;||30px||false|false&#8221; global_colors_info=&#8221;{}&#8221;]<\/p>\n<p>Corn\u00e9lia de Preux est journaliste sp\u00e9cialis\u00e9e dans l\u2019environnement, traductrice et auteure. Elle a publi\u00e9 deux romans (L\u2019Aquarium,\u00a0Le chant du biloba) et un recueil de nouvelles (La fin des haricots), aux Editions Plaisir de Lire.<\/p>\n<p>Entre autres engagements litt\u00e9raires, elle a \u0153uvr\u00e9 au sein du comit\u00e9 de l\u2019Association vaudoise des \u00e9crivains et particip\u00e9 \u00e0 plusieurs projets de la Maison \u00c9close. Elle retrouve aussi r\u00e9guli\u00e8rement les Dissidents de la pleine lune, un caf\u00e9 litt\u00e9raire qui s\u2019inspire des Oulipiens.<\/p>\n<p>[\/et_pb_team_member][et_pb_team_member name=&#8221;Alexandre Berto&#8221; position=&#8221;Membre du Comit\u00e9&#8221; image_url=&#8221;https:\/\/tulalu.ch\/wp-content\/uploads\/2022\/10\/AB-e1665664424756.jpg&#8221; _builder_version=&#8221;4.18.0&#8243; _module_preset=&#8221;default&#8221; header_level=&#8221;h2&#8243; header_font=&#8221;|||||on|||&#8221; body_font=&#8221;Abel||||||||&#8221; body_font_size=&#8221;18px&#8221; global_colors_info=&#8221;{}&#8221;]<\/p>\n<p>Apr\u00e8s une formation de sp\u00e9cialiste en information documentaire, biblioth\u00e9caire \u00e0 Lausanne depuis 2015, Alexandre Berto est aujourd\u2019hui responsable de la biblioth\u00e8que de la Sallaz. Il a \u00e0 c\u0153ur de mettre les publics au centre de la m\u00e9diation de ce lieu d\u2019accueil. Grand lecteur de litt\u00e9rature romande, il se fait un plaisir de pouvoir \u00e9changer sur ses lectures et poursuit cet engagement en tant que membre du jury du Prix Bibliom\u00e9dia et en participant \u00e0 la s\u00e9lection du Prix des Lecteurs de la Ville de Lausanne.<\/p>\n<p>[\/et_pb_team_member][et_pb_team_member name=&#8221;Jeanne Perrin&#8221; position=&#8221;Membre du Comit\u00e9&#8221; image_url=&#8221;https:\/\/tulalu.ch\/wp-content\/uploads\/2022\/01\/jeanne.webp&#8221; _builder_version=&#8221;4.19.4&#8243; _module_preset=&#8221;default&#8221; header_level=&#8221;h2&#8243; header_font=&#8221;|||||on|||&#8221; body_font=&#8221;Abel||||||||&#8221; body_font_size=&#8221;18px&#8221; global_colors_info=&#8221;{}&#8221;]<\/p>\n<p>Jeanne Perrin est une lectrice assidue depuis sa plus tendre enfance. Ses go\u00fbts l\u2019emm\u00e8nent vers la science-fiction et la fantasy, avec quelques \u00e9carts quand m\u00eame en direction de la litt\u00e9rature dite g\u00e9n\u00e9rale. Active dans les milieux culturels, elle a publi\u00e9 ces derni\u00e8res ann\u00e9es quelques livres de chroniques.<\/p>\n<p>[\/et_pb_team_member][et_pb_team_member name=&#8221;Miguel Moura&#8221; position=&#8221;Fondateur de Tulalu!? et Membre du Comit\u00e9&#8221; image_url=&#8221;https:\/\/tulalu.ch\/wp-content\/uploads\/2022\/01\/Photo-Miguel-Comite.webp&#8221; _builder_version=&#8221;4.16&#8243; _module_preset=&#8221;default&#8221; header_level=&#8221;h2&#8243; header_font=&#8221;|||||on|||&#8221; body_font=&#8221;Abel||||||||&#8221; body_font_size=&#8221;18px&#8221; global_colors_info=&#8221;{}&#8221;]<\/p>\n<p>La lumi\u00e8re fut en 1977, en Normandie en France. Les vignes, les patates et la terre jusqu\u2019au cou. Huit ans plus tard, Miguel Moura se retrouve au Portugal, son pays d\u2019origine. Il y passe quelques ann\u00e9es avant de partir pour la Suisse. Il accomplit la fin de sa scolarit\u00e9 \u00e0 Estavayer-le-Lac. Il travaille comme cuisinier, puis se consacre \u00e0 l\u2019organisation de rencontres litt\u00e9raires Tulalu!? C\u2019est en 2007 qu\u2019il a initi\u00e9 ce rendez-vous culturel qui r\u00e9unit dans un m\u00eame \u00e9lan performances, lectures vivantes, discussions avec le public et musiciens autour d\u2019une th\u00e9matique, d\u2019un auteur ou d\u2019une oeuvre. Les questions, il aime les chercher autant que les poser et c\u2019est dans cette dynamique que l\u2019id\u00e9e de Tulalu!? est n\u00e9e.<\/p>\n<p>[\/et_pb_team_member][et_pb_team_member name=&#8221;Marcel Nagel&#8221; position=&#8221;Membre du Comit\u00e9&#8221; image_url=&#8221;https:\/\/tulalu.ch\/wp-content\/uploads\/2022\/10\/MN-e1665664867266.png&#8221; _builder_version=&#8221;4.18.0&#8243; _module_preset=&#8221;default&#8221; header_level=&#8221;h2&#8243; header_font=&#8221;|||||on|||&#8221; body_font=&#8221;Abel||||||||&#8221; body_font_size=&#8221;18px&#8221; global_colors_info=&#8221;{}&#8221; position__hover_enabled=&#8221;off|desktop&#8221;]<\/p>\n<p>Marcel Nagel est enseignant, com\u00e9dien, metteur en sc\u00e8ne et \u00e9crivain. Il a notamment mis en sc\u00e8ne CURLEW RIVER (La rivi\u00e8re aux Courlis), de Benjamin Britten qui a \u00e9t\u00e9 pr\u00e9sent\u00e9 \u00e0 la cath\u00e9drale de Lausanne lors du Festival de la Cit\u00e9 1996. De 1997 \u00e0 2020, il a travaill\u00e9 dans la relation d\u2019aide \u00e0 l\u2019enfance en difficult\u00e9, principalement dans le monde de l\u2019autisme. Il tient un journal quotidien depuis 1997 et est laur\u00e9at du Prix litt\u00e9raire suisse Atelier Studer\/Ganz 2021.<\/p>\n<p>[\/et_pb_team_member][et_pb_team_member name=&#8221;Jessica Pantanella&#8221; position=&#8221;Administratrice &#8211; Secr\u00e9taire et Tr\u00e9sori\u00e8re&#8221; image_url=&#8221;https:\/\/tulalu.ch\/wp-content\/uploads\/2023\/01\/DSC_0205-carre-144&#215;144-1.jpg&#8221; _builder_version=&#8221;4.19.4&#8243; _module_preset=&#8221;default&#8221; header_level=&#8221;h2&#8243; header_font=&#8221;|||||on|||&#8221; body_font=&#8221;Abel||||||||&#8221; body_font_size=&#8221;18px&#8221; global_colors_info=&#8221;{}&#8221;]<\/p>\n<p>Jessica Pantanella a travaill\u00e9 en tant qu&#8217;enseignante pendant plusieurs ann\u00e9es, avant de se reconvertir dans le coaching et le d\u00e9veloppement personnel en fondant On Nait Cap. Amoureuse des livres et de la litt\u00e9rature depuis son enfance, elle a vu en Tulalu !? l&#8217;opportunit\u00e9 de d\u00e9couvrir davantage la litt\u00e9rature romande et de participer \u00e0 sa diffusion.<\/p>\n<p>[\/et_pb_team_member][et_pb_team_member name=&#8221;Jean-Claude Renou&#8221; position=&#8221;Preneur de son&#8221; image_url=&#8221;https:\/\/tulalu.ch\/wp-content\/uploads\/2024\/06\/Jean-Claude-Renou-redim.jpg&#8221; _builder_version=&#8221;4.25.2&#8243; _module_preset=&#8221;default&#8221; header_level=&#8221;h2&#8243; header_font=&#8221;|||||on|||&#8221; body_font=&#8221;Abel||||||||&#8221; body_font_size=&#8221;18px&#8221; global_colors_info=&#8221;{}&#8221;]<\/p>\n<p>Jean-Claude Renou a depuis son adolescence, une passion pour la musique classique et les musiques du Monde. Apr\u00e8s une formation d\u2019\u00e9lectronicien, sa carri\u00e8re d\u2019ing\u00e9nieur du son \u00e0 la Radio-T\u00e9l\u00e9vision-Suisse lui a offert la chance d\u2019enregistrer les orchestres et les solistes les plus prestigieux du monde au Verbier Festival, au Gstaad Menuhin Festival entre autres. Parall\u00e8lement \u00e0 la prise de son de musique, il \u00e9prouve un immense plaisir \u00e0 sonoriser et enregistrer les rencontres de TULALU.<\/p>\n<p>[\/et_pb_team_member][\/et_pb_column][\/et_pb_row][\/et_pb_section]<\/p>\n","protected":false},"excerpt":{"rendered":"<p>L\u2019\u00e9quipe de Tulalu!? &nbsp; Corn\u00e9lia de Preux est journaliste sp\u00e9cialis\u00e9e dans l\u2019environnement, traductrice et auteure. Elle a publi\u00e9 deux romans (L\u2019Aquarium,\u00a0Le chant du biloba) et un recueil de nouvelles (La fin des haricots), aux Editions Plaisir de Lire. Entre autres engagements litt\u00e9raires, elle a \u0153uvr\u00e9 au sein du comit\u00e9 de l\u2019Association vaudoise des \u00e9crivains et [&hellip;]<\/p>\n","protected":false},"author":1,"featured_media":0,"parent":0,"menu_order":0,"comment_status":"closed","ping_status":"closed","template":"","meta":{"_et_pb_use_builder":"on","_et_pb_old_content":"","_et_gb_content_width":"","footnotes":""},"class_list":["post-49","page","type-page","status-publish","hentry"],"_links":{"self":[{"href":"https:\/\/tulalu.ch\/index.php?rest_route=\/wp\/v2\/pages\/49","targetHints":{"allow":["GET"]}}],"collection":[{"href":"https:\/\/tulalu.ch\/index.php?rest_route=\/wp\/v2\/pages"}],"about":[{"href":"https:\/\/tulalu.ch\/index.php?rest_route=\/wp\/v2\/types\/page"}],"author":[{"embeddable":true,"href":"https:\/\/tulalu.ch\/index.php?rest_route=\/wp\/v2\/users\/1"}],"replies":[{"embeddable":true,"href":"https:\/\/tulalu.ch\/index.php?rest_route=%2Fwp%2Fv2%2Fcomments&post=49"}],"version-history":[{"count":22,"href":"https:\/\/tulalu.ch\/index.php?rest_route=\/wp\/v2\/pages\/49\/revisions"}],"predecessor-version":[{"id":1683,"href":"https:\/\/tulalu.ch\/index.php?rest_route=\/wp\/v2\/pages\/49\/revisions\/1683"}],"wp:attachment":[{"href":"https:\/\/tulalu.ch\/index.php?rest_route=%2Fwp%2Fv2%2Fmedia&parent=49"}],"curies":[{"name":"wp","href":"https:\/\/api.w.org\/{rel}","templated":true}]}}