{"id":708,"date":"2022-09-15T07:20:52","date_gmt":"2022-09-15T07:20:52","guid":{"rendered":"https:\/\/tulalu.ch\/?page_id=708"},"modified":"2024-04-08T08:51:23","modified_gmt":"2024-04-08T08:51:23","slug":"les-videos-de-nos-soirees","status":"publish","type":"page","link":"https:\/\/tulalu.ch\/?page_id=708","title":{"rendered":"Extraits Vid\u00e9os"},"content":{"rendered":"<p>[et_pb_section fb_built=&#8221;1&#8243; _builder_version=&#8221;4.18.0&#8243; _module_preset=&#8221;default&#8221; global_colors_info=&#8221;{}&#8221;][et_pb_row _builder_version=&#8221;4.18.0&#8243; _module_preset=&#8221;default&#8221; global_colors_info=&#8221;{}&#8221;][et_pb_column type=&#8221;4_4&#8243; _builder_version=&#8221;4.18.0&#8243; _module_preset=&#8221;default&#8221; global_colors_info=&#8221;{}&#8221;][et_pb_text _builder_version=&#8221;4.18.1&#8243; _module_preset=&#8221;default&#8221; text_text_color=&#8221;#263385&#8243; global_colors_info=&#8221;{}&#8221;]<\/p>\n<h1><strong><span style=\"color: #333399;\">Extraits Vid\u00e9os<\/span><\/strong><\/h1>\n<p>[\/et_pb_text][\/et_pb_column][\/et_pb_row][et_pb_row column_structure=&#8221;1_2,1_2&#8243; _builder_version=&#8221;4.18.0&#8243; _module_preset=&#8221;default&#8221; custom_margin=&#8221;|auto|-2px|auto||&#8221; custom_padding=&#8221;||13px|||&#8221; global_colors_info=&#8221;{}&#8221;][et_pb_column type=&#8221;1_2&#8243; _builder_version=&#8221;4.18.0&#8243; _module_preset=&#8221;default&#8221; global_colors_info=&#8221;{}&#8221;][et_pb_video src=&#8221;https:\/\/youtu.be\/IoIZThamVmU?si=vCRXiW4PZKaS4iDB&#8221; _builder_version=&#8221;4.24.3&#8243; _module_preset=&#8221;default&#8221; hover_enabled=&#8221;0&#8243; global_colors_info=&#8221;{}&#8221; sticky_enabled=&#8221;0&#8243;][\/et_pb_video][et_pb_text _builder_version=&#8221;4.24.3&#8243; _module_preset=&#8221;default&#8221; hover_enabled=&#8221;0&#8243; global_colors_info=&#8221;{}&#8221; sticky_enabled=&#8221;0&#8243;]<\/p>\n<p>Rencontre au Caf\u00e9 du Loup o\u00f9 n<span>ous avons re\u00e7u Bastien Roubaty et son roman\u00a0<em>Le Gar\u00e7on-l\u00e9opard\u00a0<\/em>(PLF \u00e9ditions, 2022), anim\u00e9e par Alex Berto et accompagnement musical \u00e0 la clarinette par Adeline Melo.<\/span><\/p>\n<p><a href=\"https:\/\/youtu.be\/IoIZThamVmU?si=vCRXiW4PZKaS4iDB\">Rencontre Tulalu !? du 19 f\u00e9vrier 2024<\/a><\/p>\n<p>[\/et_pb_text][et_pb_video src=&#8221;https:\/\/youtu.be\/udx0M_7fH84?si=03bGQ0T34cVOUPnT&#8221; _builder_version=&#8221;4.24.3&#8243; _module_preset=&#8221;default&#8221; hover_enabled=&#8221;0&#8243; global_colors_info=&#8221;{}&#8221; sticky_enabled=&#8221;0&#8243;][\/et_pb_video][et_pb_text _builder_version=&#8221;4.24.3&#8243; _module_preset=&#8221;default&#8221; hover_enabled=&#8221;0&#8243; global_colors_info=&#8221;{}&#8221; sticky_enabled=&#8221;0&#8243;]<\/p>\n<p>Rencontre au Caf\u00e9 du Loup o\u00f9 n<span>ous avons re\u00e7u Bastien Roubaty et son roman\u00a0<em>Le Gar\u00e7on-l\u00e9opard\u00a0<\/em>(PLF \u00e9ditions, 2022), anim\u00e9e par Alex Berto et accompagnement musical \u00e0 la clarinette par Adeline Melo.<\/span><\/p>\n<p><a href=\"https:\/\/youtu.be\/udx0M_7fH84?si=03bGQ0T34cVOUPnT\">Rencontre Tulalu !? du 19 f\u00e9vrier 2024<\/a><\/p>\n<p>[\/et_pb_text][et_pb_video src=&#8221;https:\/\/www.youtube.com\/watch?v=Gd7Qax-pjxo&#8221; _builder_version=&#8221;4.23.1&#8243; _module_preset=&#8221;default&#8221; global_colors_info=&#8221;{}&#8221;][\/et_pb_video][et_pb_text _builder_version=&#8221;4.23.1&#8243; _module_preset=&#8221;default&#8221; global_colors_info=&#8221;{}&#8221;]<\/p>\n<p>Rencontre \u00e0 la Ferme des Tilleuls \u00e0 Renens pour une lecture th\u00e9\u00e2tralis\u00e9e o\u00f9 n<span>ous avons re\u00e7u Philippine de Gr\u00e9a avec le tome 2 de la s\u00e9rie \u00ab Marguerite et Madame de Sta\u00ebl \u00bb intitul\u00e9 <em>Le rescap\u00e9 du lac<\/em>\u00a0(Auzou, 2021)<\/span><span>. Vi Indiga\u00efa, conteuse, l&#8217;accompagnait et a donn\u00e9 vie au texte.<\/span><\/p>\n<p><a href=\"https:\/\/www.youtube.com\/watch?v=Gd7Qax-pjxo\">Rencontre Tulalu !? du 13 d\u00e9cembre 2023<\/a><\/p>\n<p>[\/et_pb_text][et_pb_video src=&#8221;https:\/\/www.youtube.com\/watch?v=3Vs6hfcQ5O8&#8243; _builder_version=&#8221;4.23.1&#8243; _module_preset=&#8221;default&#8221; global_colors_info=&#8221;{}&#8221;][\/et_pb_video][et_pb_text _builder_version=&#8221;4.23.1&#8243; _module_preset=&#8221;default&#8221; global_colors_info=&#8221;{}&#8221;]<\/p>\n<p>Rencontre au TKM Th\u00e9\u00e2tre Kl\u00e9ber-M\u00e9leau \u00e0 Renens o\u00f9 n<span>ous avons re\u00e7u Tasha Rumley avec <em>A l&#8217;amour A la mort<\/em><\/span><span> (Bernard Campiche, 2022). Anne Laure Gannac a anim\u00e9 la rencontre et Renata Vujica a assur\u00e9 l\u2019accompagnement musical par des prestations vocales a cappella.<\/span><\/p>\n<p><a href=\"https:\/\/www.youtube.com\/watch?v=3Vs6hfcQ5O8\">Rencontre Tulalu !? du 13 novembre 2023<\/a><\/p>\n<p>[\/et_pb_text][et_pb_video src=&#8221;https:\/\/www.youtube.com\/watch?v=yPTjQ7VUT7A&#8221; _builder_version=&#8221;4.23.1&#8243; _module_preset=&#8221;default&#8221; global_colors_info=&#8221;{}&#8221;][\/et_pb_video][et_pb_text _builder_version=&#8221;4.23.1&#8243; _module_preset=&#8221;default&#8221; global_colors_info=&#8221;{}&#8221;]<\/p>\n<p>Rencontre au TKM Th\u00e9\u00e2tre Kl\u00e9ber-M\u00e9leau \u00e0 Renens o\u00f9 n<span>ous avons re\u00e7u Tasha Rumley avec <em>A l&#8217;amour A la mort<\/em><\/span><span> (Bernard Campiche, 2022). Anne Laure Gannac a anim\u00e9 la rencontre et Renata Vujica a assur\u00e9 l\u2019accompagnement musical par des prestations vocales a cappella.<\/span><\/p>\n<p><a href=\"https:\/\/www.youtube.com\/watch?v=yPTjQ7VUT7A\">Rencontre Tulalu !? du 13 novembre 2023<\/a><\/p>\n<p>[\/et_pb_text][et_pb_video src=&#8221;https:\/\/www.youtube.com\/watch?v=QJiywiZnf0Y&#8221; _builder_version=&#8221;4.22.2&#8243; _module_preset=&#8221;default&#8221; global_colors_info=&#8221;{}&#8221;][\/et_pb_video][et_pb_text _builder_version=&#8221;4.22.2&#8243; _module_preset=&#8221;default&#8221; global_colors_info=&#8221;{}&#8221;]<\/p>\n<p>Rencontre \u00e0 l&#8217;Usine de Pierre-de-Plan \u00e0 Lausanne o\u00f9 n<span>ous avons re\u00e7u Marie-Jeanne Urech avec <em>K comme almanach<\/em><\/span><span> (H\u00e9lice H\u00e9las, 2022). Lisbeth Koutchoumoff a anim\u00e9 la rencontre et Sebastian Schick a assur\u00e9 l\u2019accompagnement musical.<\/span><\/p>\n<p><span>Avec le soutien de la Ville de Lausanne et des Services Industriels Lausannois (SIL)<\/span><\/p>\n<p><a href=\"https:\/\/www.youtube.com\/watch?v=QJiywiZnf0Y\">Rencontre Tulalu !? du 9 octobre 2023<\/a><\/p>\n<p>[\/et_pb_text][et_pb_video src=&#8221;https:\/\/youtu.be\/P-bG9Xhovzk&#8221; _builder_version=&#8221;4.22.2&#8243; _module_preset=&#8221;default&#8221; global_colors_info=&#8221;{}&#8221;][\/et_pb_video][et_pb_text _builder_version=&#8221;4.22.2&#8243; _module_preset=&#8221;default&#8221; global_colors_info=&#8221;{}&#8221;]<\/p>\n<p>Rencontre \u00e0 l&#8217;Usine de Pierre-de-Plan \u00e0 Lausanne o\u00f9 n<span>ous avons re\u00e7u Marie-Jeanne Urech avec <em>K comme almanach<\/em><\/span><span> (H\u00e9lice H\u00e9las, 2022). Lisbeth Koutchoumoff a anim\u00e9 la rencontre et Sebastian Schick a assur\u00e9 l\u2019accompagnement musical.<\/span><\/p>\n<p><span>Avec le soutien de la Ville de Lausanne et des Services Industriels Lausannois (SIL)<\/span><\/p>\n<p><a href=\"https:\/\/youtu.be\/P-bG9Xhovzk\">Rencontre Tulalu !? du 9 octobre 2023<\/a><\/p>\n<p>[\/et_pb_text][et_pb_video src=&#8221;https:\/\/www.youtube.com\/watch?v=9hv7KbX2qME&#8221; _builder_version=&#8221;4.21.0&#8243; _module_preset=&#8221;default&#8221; global_colors_info=&#8221;{}&#8221;][\/et_pb_video][et_pb_text _builder_version=&#8221;4.21.0&#8243; _module_preset=&#8221;default&#8221; global_colors_info=&#8221;{}&#8221;]<\/p>\n<p>Rencontre au Mus\u00e9e de Zoologie du Palais de Riponne \u00e0 Lausanne, dans l&#8217;auditoire Narbel o\u00f9 n<span>ous avons re\u00e7u Bruno Pellegrino avec\u00a0<\/span><em>Tortues<\/em><span>\u00a0(Zo\u00e9, 2023). Alexandre Berto a anim\u00e9 la rencontre et Ezra Sibyl Benisty a assur\u00e9 l\u2019accompagnement musical.<\/span><\/p>\n<p><a href=\"https:\/\/www.youtube.com\/watch?v=9hv7KbX2qME\">Rencontre Tulalu !? du 19 juin 2023<\/a><\/p>\n<p>[\/et_pb_text][et_pb_video src=&#8221;https:\/\/www.youtube.com\/watch?v=kI_Fp5-cUNQ&#8221; _builder_version=&#8221;4.21.0&#8243; _module_preset=&#8221;default&#8221; global_colors_info=&#8221;{}&#8221;][\/et_pb_video][et_pb_text _builder_version=&#8221;4.21.0&#8243; _module_preset=&#8221;default&#8221; global_colors_info=&#8221;{}&#8221;]<\/p>\n<p>Rencontre au Mus\u00e9e de Zoologie du Palais de Riponne \u00e0 Lausanne, dans l&#8217;auditoire Narbel o\u00f9 n<span>ous avons re\u00e7u Bruno Pellegrino avec\u00a0<\/span><em>Tortues<\/em><span>\u00a0(Zo\u00e9, 2023). Alexandre Berto a anim\u00e9 la rencontre et Ezra Sibyl Benisty a assur\u00e9 l\u2019accompagnement musical.<\/span><\/p>\n<p><a href=\"https:\/\/www.youtube.com\/watch?v=kI_Fp5-cUNQ\">Rencontre Tulalu !? du 19 juin 2023<\/a><\/p>\n<p>[\/et_pb_text][et_pb_video src=&#8221;https:\/\/www.youtube.com\/watch?v=jMFH-8MhOHU&#8221; _builder_version=&#8221;4.21.0&#8243; _module_preset=&#8221;default&#8221; custom_margin=&#8221;||16px|||&#8221; global_colors_info=&#8221;{}&#8221;][\/et_pb_video][et_pb_text _builder_version=&#8221;4.21.0&#8243; _module_preset=&#8221;default&#8221; custom_padding=&#8221;0px|||||&#8221; global_colors_info=&#8221;{}&#8221;]<\/p>\n<p>Rencontre au Mus\u00e9e de Zoologie du Palais de Riponne \u00e0 Lausanne, dans l&#8217;auditoire Narbel o\u00f9 n<span>ous avons re\u00e7u Bruno Pellegrino avec\u00a0<\/span><em>Tortues<\/em><span>\u00a0(Zo\u00e9, 2023). Alexandre Berto a anim\u00e9 la rencontre et Ezra Sibyl Benisty a assur\u00e9 l\u2019accompagnement musical.<\/span><\/p>\n<p><a href=\"https:\/\/www.youtube.com\/watch?v=jMFH-8MhOHU\">Rencontre Tulalu !? du 19 juin 2023<\/a><\/p>\n<p>[\/et_pb_text][et_pb_video src=&#8221;https:\/\/www.youtube.com\/watch?v=1T5TKceNf_0&#8243; _builder_version=&#8221;4.21.0&#8243; _module_preset=&#8221;default&#8221; global_colors_info=&#8221;{}&#8221;][\/et_pb_video][et_pb_text _builder_version=&#8221;4.21.0&#8243; _module_preset=&#8221;default&#8221; min_height=&#8221;176.8px&#8221; custom_margin=&#8221;-20px|||||&#8221; global_colors_info=&#8221;{}&#8221;]<\/p>\n<p class=\"style-scope ytd-watch-metadata\"><span dir=\"auto\" class=\"style-scope yt-formatted-string\">Rencontre \u00e0 la Ferme des Tilleuls o\u00f9 <span>Alice Bottarelli et Alain Corbellari ont mis le Moyen \u00c2ge sens dessus dessous, en puisant dans\u00a0<\/span><em>Ombeline &amp; Rodogune<\/em><span>\u00a0(Presses Inverses, 2022) et\u00a0<\/span><em>Petite histoire de la litt\u00e9rature m\u00e9di\u00e9vale, \u00e0 la mani\u00e8re de Pierre Desproges<span>\u00a0<\/span><\/em><span>(Presses Inverses, 2021). Interm\u00e8des musicaux \u00e0 la vielle et \u00e0 la cornemuse.<\/span><\/span><\/p>\n<p class=\"style-scope ytd-watch-metadata\"><yt-formatted-string disable-attributed-string=\"\" split-lines=\"\" class=\"style-scope ytd-text-inline-expander\"><span dir=\"auto\" class=\"style-scope yt-formatted-string\"><\/span><\/yt-formatted-string><a href=\"https:\/\/www.youtube.com\/watch?v=1T5TKceNf_0\"><span dir=\"auto\" class=\"style-scope yt-formatted-string\"><yt-formatted-string disable-attributed-string=\"\" split-lines=\"\" class=\"style-scope ytd-text-inline-expander\">Rencontre Tulalu!? du 14 mai 2023\u00a0<\/yt-formatted-string><\/span><\/a><\/p>\n<p>[\/et_pb_text][et_pb_video src=&#8221;https:\/\/www.youtube.com\/watch?v=wzk4bEdAro0&#8243; _builder_version=&#8221;4.21.0&#8243; _module_preset=&#8221;default&#8221; custom_margin=&#8221;-18px|||||&#8221; global_colors_info=&#8221;{}&#8221;][\/et_pb_video][et_pb_text _builder_version=&#8221;4.21.0&#8243; _module_preset=&#8221;default&#8221; min_height=&#8221;117.2px&#8221; custom_margin=&#8221;-29px|||||&#8221; custom_padding=&#8221;6px|||||&#8221; global_colors_info=&#8221;{}&#8221;]<\/p>\n<p class=\"style-scope ytd-watch-metadata\"><span dir=\"auto\" class=\"style-scope yt-formatted-string\">Rencontre \u00e0 la Ferme des Tilleuls o\u00f9 <span>Alice Bottarelli et Alain Corbellari ont mis le Moyen \u00c2ge sens dessus dessous, en puisant dans\u00a0<\/span><em>Ombeline &amp; Rodogune<\/em><span>\u00a0(Presses Inverses, 2022) et\u00a0<\/span><em>Petite histoire de la litt\u00e9rature m\u00e9di\u00e9vale, \u00e0 la mani\u00e8re de Pierre Desproges<span>\u00a0<\/span><\/em><span>(Presses Inverses, 2021). Interm\u00e8des musicaux \u00e0 la vielle et \u00e0 la cornemuse.<\/span><\/span><\/p>\n<p class=\"style-scope ytd-watch-metadata\"><yt-formatted-string disable-attributed-string=\"\" split-lines=\"\" class=\"style-scope ytd-text-inline-expander\"><span dir=\"auto\" class=\"style-scope yt-formatted-string\"><\/span><\/yt-formatted-string><a href=\"https:\/https:\/\/www.youtube.com\/watch?v=wzk4bEdAro0\/www.youtube.com\/watch?v=EQ-ADJDxMz4\"><span dir=\"auto\" class=\"style-scope yt-formatted-string\"><yt-formatted-string disable-attributed-string=\"\" split-lines=\"\" class=\"style-scope ytd-text-inline-expander\">Rencontre Tulalu!? du 14 mai 2023\u00a0<\/yt-formatted-string><\/span><\/a><\/p>\n<p>[\/et_pb_text][et_pb_video src=&#8221;https:\/\/youtu.be\/EQ-ADJDxMz4&#8243; _builder_version=&#8221;4.19.4&#8243; _module_preset=&#8221;default&#8221; global_colors_info=&#8221;{}&#8221;][\/et_pb_video][et_pb_text _builder_version=&#8221;4.19.4&#8243; _module_preset=&#8221;default&#8221; min_height=&#8221;117.2px&#8221; custom_margin=&#8221;-29px|||||&#8221; global_colors_info=&#8221;{}&#8221;]<\/p>\n<p class=\"style-scope ytd-watch-metadata\"><span dir=\"auto\" class=\"style-scope yt-formatted-string\">Rencontre \u00e0 la MEEL de Monthey pour parler du livre de Nathalie Perrin &#8220;Rimbaud, Rambo, Ramuz, L\u2019\u00e9trange destin de quelques maisons d\u2019\u00e9crivains&#8221; (art&amp;fiction, 2022), anim\u00e9 par Claire Burgy.<\/span><\/p>\n<p class=\"style-scope ytd-watch-metadata\"><yt-formatted-string disable-attributed-string=\"\" split-lines=\"\" class=\"style-scope ytd-text-inline-expander\"><span dir=\"auto\" class=\"style-scope yt-formatted-string\"><\/span><\/yt-formatted-string><a href=\"https:\/\/www.youtube.com\/watch?v=EQ-ADJDxMz4\"><span dir=\"auto\" class=\"style-scope yt-formatted-string\"><yt-formatted-string disable-attributed-string=\"\" split-lines=\"\" class=\"style-scope ytd-text-inline-expander\">Rencontre Tulalu!? du 23 janvier 2023\u00a0<\/yt-formatted-string><\/span><\/a><\/p>\n<p>[\/et_pb_text][et_pb_video src=&#8221;https:\/\/www.youtube.com\/watch?v=tDhBdG3c9xw&#8221; _builder_version=&#8221;4.19.4&#8243; _module_preset=&#8221;default&#8221; global_colors_info=&#8221;{}&#8221;][\/et_pb_video][et_pb_text _builder_version=&#8221;4.19.4&#8243; _module_preset=&#8221;default&#8221; min_height=&#8221;117.2px&#8221; custom_margin=&#8221;-29px|||||&#8221; global_colors_info=&#8221;{}&#8221;]<\/p>\n<p class=\"style-scope ytd-watch-metadata\"><span dir=\"auto\" class=\"style-scope yt-formatted-string\">Rencontre \u00e0 la MEEL de Monthey pour parler du livre de Nathalie Perrin &#8220;Rimbaud, Rambo, Ramuz, L\u2019\u00e9trange destin de quelques maisons d\u2019\u00e9crivains&#8221; (art&amp;fiction, 2022), anim\u00e9 par Claire Burgy.<\/span><\/p>\n<p class=\"style-scope ytd-watch-metadata\"><yt-formatted-string disable-attributed-string=\"\" split-lines=\"\" class=\"style-scope ytd-text-inline-expander\"><span dir=\"auto\" class=\"style-scope yt-formatted-string\"><\/span><\/yt-formatted-string><a href=\"https:\/\/www.youtube.com\/watch?v=tDhBdG3c9xw\"><span dir=\"auto\" class=\"style-scope yt-formatted-string\"><yt-formatted-string disable-attributed-string=\"\" split-lines=\"\" class=\"style-scope ytd-text-inline-expander\">Rencontre Tulalu!? du 23 janvier 2023\u00a0<\/yt-formatted-string><\/span><\/a><\/p>\n<p>[\/et_pb_text][et_pb_video src=&#8221;https:\/\/www.youtube.com\/watch?v=1DBBM0_qcJ4&#8243; _builder_version=&#8221;4.19.4&#8243; _module_preset=&#8221;default&#8221; global_colors_info=&#8221;{}&#8221;][\/et_pb_video][et_pb_text _builder_version=&#8221;4.19.4&#8243; _module_preset=&#8221;default&#8221; min_height=&#8221;117.2px&#8221; custom_margin=&#8221;-29px|||||&#8221; global_colors_info=&#8221;{}&#8221;]<\/p>\n<p class=\"style-scope ytd-watch-metadata\">Hommage \u00e0 Anne Bottani-Zuber<br \/>Michel Moret, le directeur des \u00c9ditions de l\u2019Aire, \u00e9tait pr\u00e9sent et nous a parl\u00e9 de l\u2019auteure et de son \u0153uvre. 3\/3<br \/><yt-formatted-string disable-attributed-string=\"\" split-lines=\"\" class=\"style-scope ytd-text-inline-expander\"><span dir=\"auto\" class=\"style-scope yt-formatted-string\"><\/span><\/yt-formatted-string><a href=\"https:\/\/tulalu.ch\/2022\/08\/12\/hommage-a-anne-bottani-zuber\/\"><span dir=\"auto\" class=\"style-scope yt-formatted-string\"><yt-formatted-string disable-attributed-string=\"\" split-lines=\"\" class=\"style-scope ytd-text-inline-expander\">Rencontre Tulalu!? du 12 d\u00e9cembre 2022<\/yt-formatted-string><\/span><\/a><\/p>\n<p>[\/et_pb_text][et_pb_video src=&#8221;https:\/\/www.youtube.com\/watch?v=kA-HOq-PCdc&#8221; _builder_version=&#8221;4.19.4&#8243; _module_preset=&#8221;default&#8221; global_colors_info=&#8221;{}&#8221;][\/et_pb_video][et_pb_text _builder_version=&#8221;4.19.4&#8243; _module_preset=&#8221;default&#8221; min_height=&#8221;117.2px&#8221; custom_margin=&#8221;-29px|||||&#8221; global_colors_info=&#8221;{}&#8221;]<\/p>\n<p class=\"style-scope ytd-watch-metadata\">Hommage \u00e0 Anne Bottani-Zuber <br \/>Michel Moret, le directeur des \u00c9ditions de l\u2019Aire, \u00e9tait pr\u00e9sent et nous a parl\u00e9 de l\u2019auteure et de son \u0153uvre. 1\/3<br \/><yt-formatted-string disable-attributed-string=\"\" split-lines=\"\" class=\"style-scope ytd-text-inline-expander\"><span dir=\"auto\" class=\"style-scope yt-formatted-string\"><\/span><\/yt-formatted-string><a href=\"https:\/\/tulalu.ch\/2022\/08\/12\/hommage-a-anne-bottani-zuber\/\"><span dir=\"auto\" class=\"style-scope yt-formatted-string\"><yt-formatted-string disable-attributed-string=\"\" split-lines=\"\" class=\"style-scope ytd-text-inline-expander\">Rencontre Tulalu!? du 12 d\u00e9cembre 2022<\/yt-formatted-string><\/span><\/a><\/p>\n<p>[\/et_pb_text][et_pb_video src=&#8221;https:\/\/youtu.be\/IhOwdmnvA7Q&#8221; _builder_version=&#8221;4.19.1&#8243; _module_preset=&#8221;default&#8221; custom_margin=&#8221;||-1px|||&#8221; global_colors_info=&#8221;{}&#8221;][\/et_pb_video][et_pb_text _builder_version=&#8221;4.19.1&#8243; _module_preset=&#8221;default&#8221; min_height=&#8221;117.2px&#8221; global_colors_info=&#8221;{}&#8221;]<\/p>\n<p class=\"style-scope ytd-watch-metadata\">Deux mondes qui s&#8217;entrem\u00ealent<yt-formatted-string disable-attributed-string=\"\" split-lines=\"\" class=\"style-scope ytd-text-inline-expander\"><span dir=\"auto\" class=\"style-scope yt-formatted-string\">:<br \/>Lecture de Lotfi Hussami de la lettre \u00e9crite par l\u2019\u00e9crivaine syrienne Chadia Atassi \u00e0 l\u2019autrice vaudoise Catherine Lovey<br \/><\/span><\/yt-formatted-string><a href=\"https:\/\/tulalu.ch\/2022\/08\/13\/rencontre-avec-chadia-atassi-et-catherine-lovey\/\"><span dir=\"auto\" class=\"style-scope yt-formatted-string\"><yt-formatted-string disable-attributed-string=\"\" split-lines=\"\" class=\"style-scope ytd-text-inline-expander\">Rencontre Tulalu!? du 14 novembre 2022<\/yt-formatted-string><\/span><\/a><\/p>\n<p>[\/et_pb_text][et_pb_video src=&#8221;https:\/\/youtu.be\/E0sIbHhc8Is&#8221; _builder_version=&#8221;4.18.0&#8243; _module_preset=&#8221;default&#8221; custom_margin=&#8221;||29px|||&#8221; global_colors_info=&#8221;{}&#8221;][\/et_pb_video][et_pb_text _builder_version=&#8221;4.19.4&#8243; _module_preset=&#8221;default&#8221; min_height=&#8221;117.2px&#8221; custom_margin=&#8221;-30px|||||&#8221; global_colors_info=&#8221;{}&#8221;]<\/p>\n<p>Matthieu M\u00e9gevand<br \/><a href=\"https:\/\/tulalu.ch\/2022\/08\/09\/rencontre-avec-matthieu-megevand\/\">Rencontre du 10 octobre 2022<\/a><\/p>\n<p>[\/et_pb_text][et_pb_video src=&#8221;https:\/\/youtu.be\/qPKJJXj709Y&#8221; _builder_version=&#8221;4.18.0&#8243; _module_preset=&#8221;default&#8221; global_colors_info=&#8221;{}&#8221;][\/et_pb_video][et_pb_text _builder_version=&#8221;4.19.4&#8243; _module_preset=&#8221;default&#8221; min_height=&#8221;117.2px&#8221; custom_margin=&#8221;-31px|||||&#8221; global_colors_info=&#8221;{}&#8221;]<\/p>\n<p>Rencontre avec Matthieu M\u00e9gevand<br \/><a href=\"https:\/\/tulalu.ch\/2022\/08\/09\/rencontre-avec-matthieu-megevand\/\">Rencontre du 10 octobre 2022<\/a><\/p>\n<p>[\/et_pb_text][et_pb_video_slider _builder_version=&#8221;4.18.0&#8243; _module_preset=&#8221;default&#8221; custom_margin=&#8221;||1px|||&#8221; global_colors_info=&#8221;{}&#8221;][et_pb_video_slider_item src=&#8221;https:\/\/www.youtube.com\/watch?v=Wm6UQkKUqlI&#8221; _builder_version=&#8221;4.18.0&#8243; _module_preset=&#8221;default&#8221; global_colors_info=&#8221;{}&#8221; show_image_overlay=&#8221;off&#8221;][\/et_pb_video_slider_item][\/et_pb_video_slider][et_pb_text _builder_version=&#8221;4.19.4&#8243; _module_preset=&#8221;default&#8221; min_height=&#8221;117.2px&#8221; custom_margin=&#8221;||-10px|||&#8221; custom_padding=&#8221;3px|||||&#8221; global_colors_info=&#8221;{}&#8221;]<\/p>\n<p><span style=\"caret-color: #000000; color: #000000; font-family: Calibri, Helvetica, sans-serif; font-size: 16px; font-style: normal; font-variant-caps: normal; font-weight: 400; letter-spacing: normal; orphans: auto; text-align: start; text-indent: 0px; text-transform: none; white-space: normal; widows: auto; word-spacing: 0px; -webkit-text-size-adjust: auto; -webkit-text-stroke-width: 0px; background-color: #ffffff; text-decoration: none; display: inline !important; float: none;\">Jean-Jacques Busino et Nicolas Bouvier : Quand &#8221; L&#8217;usage du monde &#8221; n\u2019\u00e9tait pas encore de la litt\u00e9rature.<br \/><a href=\"https:\/\/tulalu.ch\/2022\/08\/15\/rencontre-avec-jean-jacques-busino\/\">Rencontre du 12 septembre 2022<\/a><br \/><\/span><\/p>\n<p>[\/et_pb_text][\/et_pb_column][et_pb_column type=&#8221;1_2&#8243; _builder_version=&#8221;4.18.0&#8243; _module_preset=&#8221;default&#8221; global_colors_info=&#8221;{}&#8221;][et_pb_video src=&#8221;https:\/\/youtu.be\/i-1_1FqoLWk?si=wOddrSVwuvkX23_T&#8221; _builder_version=&#8221;4.24.3&#8243; _module_preset=&#8221;default&#8221; hover_enabled=&#8221;0&#8243; global_colors_info=&#8221;{}&#8221; sticky_enabled=&#8221;0&#8243;][\/et_pb_video][et_pb_text _builder_version=&#8221;4.24.3&#8243; _module_preset=&#8221;default&#8221; hover_enabled=&#8221;0&#8243; global_colors_info=&#8221;{}&#8221; sticky_enabled=&#8221;0&#8243;]<\/p>\n<p>Rencontre au Caf\u00e9 du Loup o\u00f9 n<span>ous avons re\u00e7u Bastien Roubaty et son roman\u00a0<em>Le Gar\u00e7on-l\u00e9opard\u00a0<\/em>(PLF \u00e9ditions, 2022), anim\u00e9e par Alex Berto et accompagnement musical \u00e0 la clarinette par Adeline Melo.<\/span><\/p>\n<p><a href=\"https:\/\/youtu.be\/i-1_1FqoLWk?si=wOddrSVwuvkX23_T\">Rencontre Tulalu !? du 19 f\u00e9vrier 2024<\/a><\/p>\n<p>[\/et_pb_text][et_pb_video src=&#8221;https:\/\/www.youtube.com\/watch?v=g7fd5bAQUnw&#8221; _builder_version=&#8221;4.23.1&#8243; _module_preset=&#8221;default&#8221; global_colors_info=&#8221;{}&#8221;][\/et_pb_video][et_pb_text _builder_version=&#8221;4.23.1&#8243; _module_preset=&#8221;default&#8221; global_colors_info=&#8221;{}&#8221;]<\/p>\n<p>Rencontre \u00e0 la Ferme des Tilleuls \u00e0 Renens pour une lecture th\u00e9\u00e2tralis\u00e9e o\u00f9 n<span>ous avons re\u00e7u Philippine de Gr\u00e9a avec le tome 2 de la s\u00e9rie \u00ab Marguerite et Madame de Sta\u00ebl \u00bb intitul\u00e9 <em>Le rescap\u00e9 du lac<\/em>\u00a0(Auzou, 2021)<\/span><span>. Vi Indiga\u00efa, conteuse, l&#8217;accompagnait et a donn\u00e9 vie au texte.<\/span><\/p>\n<p><a href=\"https:\/\/www.youtube.com\/watch?v=g7fd5bAQUnw\">Rencontre Tulalu !? du 13 d\u00e9cembre 2023<\/a><\/p>\n<p>[\/et_pb_text][et_pb_video src=&#8221;https:\/\/www.youtube.com\/watch?v=gXYj2BwmIsQ&#8221; _builder_version=&#8221;4.23.1&#8243; _module_preset=&#8221;default&#8221; global_colors_info=&#8221;{}&#8221;][\/et_pb_video][et_pb_text _builder_version=&#8221;4.23.1&#8243; _module_preset=&#8221;default&#8221; global_colors_info=&#8221;{}&#8221;]<\/p>\n<p>Rencontre \u00e0 la Ferme des Tilleuls \u00e0 Renens pour une lecture th\u00e9\u00e2tralis\u00e9e o\u00f9 n<span>ous avons re\u00e7u Philippine de Gr\u00e9a avec le tome 2 de la s\u00e9rie \u00ab Marguerite et Madame de Sta\u00ebl \u00bb intitul\u00e9 <em>Le rescap\u00e9 du lac<\/em>\u00a0(Auzou, 2021)<\/span><span>. Vi Indiga\u00efa, conteuse, l&#8217;accompagnait et a donn\u00e9 vie au texte.<\/span><\/p>\n<p><a href=\"https:\/\/www.youtube.com\/watch?v=gXYj2BwmIsQ\">Rencontre Tulalu !? du 13 d\u00e9cembre 2023<\/a><\/p>\n<p>[\/et_pb_text][et_pb_video src=&#8221;https:\/\/www.youtube.com\/watch?v=6Ys7liX-tjs&#8221; _builder_version=&#8221;4.23.1&#8243; _module_preset=&#8221;default&#8221; global_colors_info=&#8221;{}&#8221;][\/et_pb_video][et_pb_text _builder_version=&#8221;4.23.1&#8243; _module_preset=&#8221;default&#8221; global_colors_info=&#8221;{}&#8221;]<\/p>\n<p>Rencontre au TKM Th\u00e9\u00e2tre Kl\u00e9ber-M\u00e9leau \u00e0 Renens o\u00f9 n<span>ous avons re\u00e7u Tasha Rumley avec <em>A l&#8217;amour A la mort<\/em><\/span><span> (Bernard Campiche, 2022). Anne Laure Gannac a anim\u00e9 la rencontre et Renata Vujica a assur\u00e9 l\u2019accompagnement musical par des prestations vocales a cappella.<\/span><\/p>\n<p><a href=\"https:\/\/www.youtube.com\/watch?v=6Ys7liX-tjs\">Rencontre Tulalu !? du 13 novembre 2023<\/a><\/p>\n<p>[\/et_pb_text][et_pb_video src=&#8221;https:\/\/www.youtube.com\/watch?v=AA-oWt-8yl8&#8243; _builder_version=&#8221;4.23.1&#8243; _module_preset=&#8221;default&#8221; global_colors_info=&#8221;{}&#8221;][\/et_pb_video][et_pb_text _builder_version=&#8221;4.23.1&#8243; _module_preset=&#8221;default&#8221; global_colors_info=&#8221;{}&#8221;]<\/p>\n<p>Rencontre au TKM Th\u00e9\u00e2tre Kl\u00e9ber-M\u00e9leau \u00e0 Renens o\u00f9 n<span>ous avons re\u00e7u Tasha Rumley avec <em>A l&#8217;amour A la mort<\/em><\/span><span> (Bernard Campiche, 2022). Anne Laure Gannac a anim\u00e9 la rencontre et Renata Vujica a assur\u00e9 l\u2019accompagnement musical par des prestations vocales a cappella.<\/span><\/p>\n<p><a href=\"https:\/\/www.youtube.com\/watch?v=AA-oWt-8yl8\">Rencontre Tulalu !? du 13 novembre 2023<\/a><\/p>\n<p>[\/et_pb_text][et_pb_video src=&#8221;https:\/\/www.youtube.com\/watch?v=SYzYtRkWJnM&#8221; _builder_version=&#8221;4.23.1&#8243; _module_preset=&#8221;default&#8221; global_colors_info=&#8221;{}&#8221;][\/et_pb_video][et_pb_text _builder_version=&#8221;4.23.1&#8243; _module_preset=&#8221;default&#8221; global_colors_info=&#8221;{}&#8221;]<\/p>\n<p>Rencontre au TKM Th\u00e9\u00e2tre Kl\u00e9ber-M\u00e9leau \u00e0 Renens o\u00f9 n<span>ous avons re\u00e7u Tasha Rumley avec <em>A l&#8217;amour A la mort<\/em><\/span><span> (Bernard Campiche, 2022). Anne Laure Gannac a anim\u00e9 la rencontre et Renata Vujica a assur\u00e9 l\u2019accompagnement musical par des prestations vocales a cappella.<\/span><\/p>\n<p><a href=\"https:\/\/www.youtube.com\/watch?v=SYzYtRkWJnM\">Rencontre Tulalu !? du 13 novembre 2023<\/a><\/p>\n<p>[\/et_pb_text][et_pb_video src=&#8221;https:\/\/www.youtube.com\/watch?v=W8paJ5Kk97c&#8221; _builder_version=&#8221;4.22.2&#8243; _module_preset=&#8221;default&#8221; global_colors_info=&#8221;{}&#8221;][\/et_pb_video][et_pb_text _builder_version=&#8221;4.22.2&#8243; _module_preset=&#8221;default&#8221; global_colors_info=&#8221;{}&#8221;]<\/p>\n<p>Rencontre \u00e0 l&#8217;Usine de Pierre-de-Plan \u00e0 Lausanne o\u00f9 n<span>ous avons re\u00e7u Marie-Jeanne Urech avec <em>K comme almanach<\/em><\/span><span> (H\u00e9lice H\u00e9las, 2022). Lisbeth Koutchoumoff a anim\u00e9 la rencontre et Sebastian Schick a assur\u00e9 l\u2019accompagnement musical.<\/span><\/p>\n<p><span>Avec le soutien de la Ville de Lausanne et des Services Industriels Lausannois (SIL)<\/span><\/p>\n<p><a href=\"https:\/\/www.youtube.com\/watch?v=W8paJ5Kk97c\">Rencontre Tulalu !? du 9 octobre 2023<\/a><\/p>\n<p>[\/et_pb_text][et_pb_video src=&#8221;https:\/\/www.youtube.com\/watch?v=CBm7g1JJh_8&#8243; _builder_version=&#8221;4.22.2&#8243; _module_preset=&#8221;default&#8221; global_colors_info=&#8221;{}&#8221;][\/et_pb_video][et_pb_text _builder_version=&#8221;4.22.2&#8243; _module_preset=&#8221;default&#8221; global_colors_info=&#8221;{}&#8221;]<\/p>\n<p>Rencontre \u00e0 l&#8217;Usine de Pierre-de-Plan \u00e0 Lausanne o\u00f9 n<span>ous avons re\u00e7u Marie-Jeanne Urech avec <em>K comme almanach<\/em><\/span><span> (H\u00e9lice H\u00e9las, 2022). Lisbeth Koutchoumoff a anim\u00e9 la rencontre et Sebastian Schick a assur\u00e9 l\u2019accompagnement musical.<\/span><\/p>\n<p><span>Avec le soutien de la Ville de Lausanne et des Services Industriels Lausannois (SIL)<\/span><\/p>\n<p><a href=\"https:\/\/www.youtube.com\/watch?v=CBm7g1JJh_8\">Rencontre Tulalu !? du 9 octobre 2023<\/a><\/p>\n<p>[\/et_pb_text][et_pb_video src=&#8221;https:\/\/www.youtube.com\/watch?v=qN8oKoZqn8E&#8221; _builder_version=&#8221;4.22.2&#8243; _module_preset=&#8221;default&#8221; global_colors_info=&#8221;{}&#8221;][\/et_pb_video][et_pb_text _builder_version=&#8221;4.22.2&#8243; _module_preset=&#8221;default&#8221; global_colors_info=&#8221;{}&#8221;]<\/p>\n<p>Rencontre \u00e0 l&#8217;Usine de Pierre-de-Plan \u00e0 Lausanne o\u00f9 n<span>ous avons re\u00e7u Marie-Jeanne Urech avec <em>K comme almanach<\/em><\/span><span> (H\u00e9lice H\u00e9las, 2022). Lisbeth Koutchoumoff a anim\u00e9 la rencontre et Sebastian Schick a assur\u00e9 l\u2019accompagnement musical.<\/span><\/p>\n<p><span>Avec le soutien de la Ville de Lausanne et des Services Industriels Lausannois (SIL)<\/span><\/p>\n<p><a href=\"https:\/\/www.youtube.com\/watch?v=qN8oKoZqn8E\">Rencontre Tulalu !? du 9 octobre 2023<\/a><\/p>\n<p>[\/et_pb_text][et_pb_video src=&#8221;https:\/\/www.youtube.com\/watch?v=0jVuZUHuHo4&#8243; _builder_version=&#8221;4.21.0&#8243; _module_preset=&#8221;default&#8221; global_colors_info=&#8221;{}&#8221;][\/et_pb_video][et_pb_text _builder_version=&#8221;4.21.0&#8243; _module_preset=&#8221;default&#8221; global_colors_info=&#8221;{}&#8221;]<\/p>\n<p>Rencontre au Mus\u00e9e de Zoologie du Palais de Riponne \u00e0 Lausanne, dans l&#8217;auditoire Narbel o\u00f9 n<span>ous avons re\u00e7u Bruno Pellegrino avec\u00a0<\/span><em>Tortues<\/em><span>\u00a0(Zo\u00e9, 2023). Alexandre Berto a anim\u00e9 la rencontre et Ezra Sibyl Benisty a assur\u00e9 l\u2019accompagnement musical.<\/span><\/p>\n<p><a href=\"https:\/\/www.youtube.com\/watch?v=0jVuZUHuHo4\">Rencontre Tulalu !? du 19 juin 2023<\/a><\/p>\n<p>[\/et_pb_text][et_pb_video src=&#8221;https:\/\/www.youtube.com\/watch?v=GoFe4h7gVF0&#8243; _builder_version=&#8221;4.21.0&#8243; _module_preset=&#8221;default&#8221; global_colors_info=&#8221;{}&#8221;][\/et_pb_video][et_pb_text _builder_version=&#8221;4.21.0&#8243; _module_preset=&#8221;default&#8221; global_colors_info=&#8221;{}&#8221;]<\/p>\n<p>Rencontre au Mus\u00e9e de Zoologie du Palais de Riponne \u00e0 Lausanne, dans l&#8217;auditoire Narbel o\u00f9 n<span>ous avons re\u00e7u Bruno Pellegrino avec\u00a0<\/span><em>Tortues<\/em><span>\u00a0(Zo\u00e9, 2023). Alexandre Berto a anim\u00e9 la rencontre et Ezra Sibyl Benisty a assur\u00e9 l\u2019accompagnement musical.<\/span><\/p>\n<p><a href=\"https:\/\/www.youtube.com\/watch?v=GoFe4h7gVF0\">Rencontre Tulalu !? du 19 juin 2023<\/a><\/p>\n<p>[\/et_pb_text][et_pb_video src=&#8221;https:\/\/www.youtube.com\/watch?v=nxsKQs1TwWg&#8221; _builder_version=&#8221;4.21.0&#8243; _module_preset=&#8221;default&#8221; global_colors_info=&#8221;{}&#8221;][\/et_pb_video][et_pb_text _builder_version=&#8221;4.21.0&#8243; _module_preset=&#8221;default&#8221; min_height=&#8221;166.8px&#8221; custom_margin=&#8221;-20px|||||&#8221; custom_padding=&#8221;0px|||||&#8221; global_colors_info=&#8221;{}&#8221;]<\/p>\n<p class=\"style-scope ytd-watch-metadata\"><span dir=\"auto\" class=\"style-scope yt-formatted-string\">Rencontre \u00e0 la Ferme des Tilleuls o\u00f9 <span>Alice Bottarelli et Alain Corbellari ont mis le Moyen \u00c2ge sens dessus dessous, en puisant dans\u00a0<\/span><em>Ombeline &amp; Rodogune<\/em><span>\u00a0(Presses Inverses, 2022) et\u00a0<\/span><em>Petite histoire de la litt\u00e9rature m\u00e9di\u00e9vale, \u00e0 la mani\u00e8re de Pierre Desproges<span>\u00a0<\/span><\/em><span>(Presses Inverses, 2021). Interm\u00e8des musicaux \u00e0 la vielle et \u00e0 la cornemuse.<\/span><\/span><\/p>\n<p class=\"style-scope ytd-watch-metadata\"><yt-formatted-string disable-attributed-string=\"\" split-lines=\"\" class=\"style-scope ytd-text-inline-expander\"><span dir=\"auto\" class=\"style-scope yt-formatted-string\"><\/span><\/yt-formatted-string><a href=\"https:\/\/www.youtube.com\/watch?v=nxsKQs1TwWg\"><span dir=\"auto\" class=\"style-scope yt-formatted-string\"><yt-formatted-string disable-attributed-string=\"\" split-lines=\"\" class=\"style-scope ytd-text-inline-expander\">Rencontre Tulalu!? du 14 mai 2023\u00a0<\/yt-formatted-string><\/span><\/a><\/p>\n<p>[\/et_pb_text][et_pb_video src=&#8221;https:\/\/www.youtube.com\/watch?v=SaZvyd2qxAo&#8221; _builder_version=&#8221;4.21.0&#8243; _module_preset=&#8221;default&#8221; global_colors_info=&#8221;{}&#8221;][\/et_pb_video][et_pb_text _builder_version=&#8221;4.21.0&#8243; _module_preset=&#8221;default&#8221; custom_margin=&#8221;-20px|||||&#8221; global_colors_info=&#8221;{}&#8221;]<\/p>\n<p class=\"style-scope ytd-watch-metadata\"><span dir=\"auto\" class=\"style-scope yt-formatted-string\">Rencontre \u00e0 la Ferme des Tilleuls o\u00f9 <span>Alice Bottarelli et Alain Corbellari ont mis le Moyen \u00c2ge sens dessus dessous, en puisant dans\u00a0<\/span><em>Ombeline &amp; Rodogune<\/em><span>\u00a0(Presses Inverses, 2022) et\u00a0<\/span><em>Petite histoire de la litt\u00e9rature m\u00e9di\u00e9vale, \u00e0 la mani\u00e8re de Pierre Desproges<span>\u00a0<\/span><\/em><span>(Presses Inverses, 2021). Interm\u00e8des musicaux \u00e0 la vielle et \u00e0 la cornemuse.<\/span><\/span><\/p>\n<p class=\"style-scope ytd-watch-metadata\"><yt-formatted-string disable-attributed-string=\"\" split-lines=\"\" class=\"style-scope ytd-text-inline-expander\"><span dir=\"auto\" class=\"style-scope yt-formatted-string\"><\/span><\/yt-formatted-string><a href=\"https:\/\/www.youtube.com\/watch?v=SaZvyd2qxAo\"><span dir=\"auto\" class=\"style-scope yt-formatted-string\"><yt-formatted-string disable-attributed-string=\"\" split-lines=\"\" class=\"style-scope ytd-text-inline-expander\">Rencontre Tulalu!? du 14 mai 2023\u00a0<\/yt-formatted-string><\/span><\/a><\/p>\n<p>[\/et_pb_text][et_pb_video src=&#8221;https:\/\/www.youtube.com\/watch?v=-I8n8LyOr6Q&#8221; _builder_version=&#8221;4.21.0&#8243; _module_preset=&#8221;default&#8221; global_colors_info=&#8221;{}&#8221;][\/et_pb_video][et_pb_text _builder_version=&#8221;4.21.0&#8243; _module_preset=&#8221;default&#8221; custom_margin=&#8221;-25px|||||&#8221; global_colors_info=&#8221;{}&#8221;]<\/p>\n<p class=\"style-scope ytd-watch-metadata\"><span dir=\"auto\" class=\"style-scope yt-formatted-string\">Rencontre \u00e0 la Ferme des Tilleuls o\u00f9 <span>Alice Bottarelli et Alain Corbellari ont mis le Moyen \u00c2ge sens dessus dessous, en puisant dans\u00a0<\/span><em>Ombeline &amp; Rodogune<\/em><span>\u00a0(Presses Inverses, 2022) et\u00a0<\/span><em>Petite histoire de la litt\u00e9rature m\u00e9di\u00e9vale, \u00e0 la mani\u00e8re de Pierre Desproges<span>\u00a0<\/span><\/em><span>(Presses Inverses, 2021). Interm\u00e8des musicaux \u00e0 la vielle et \u00e0 la cornemuse.<\/span><\/span><\/p>\n<p class=\"style-scope ytd-watch-metadata\"><yt-formatted-string disable-attributed-string=\"\" split-lines=\"\" class=\"style-scope ytd-text-inline-expander\"><span dir=\"auto\" class=\"style-scope yt-formatted-string\"><\/span><\/yt-formatted-string><a href=\"https:\/\/www.youtube.com\/watch?v=-I8n8LyOr6Q\"><span dir=\"auto\" class=\"style-scope yt-formatted-string\"><yt-formatted-string disable-attributed-string=\"\" split-lines=\"\" class=\"style-scope ytd-text-inline-expander\">Rencontre Tulalu!? du 14 mai 2023\u00a0<\/yt-formatted-string><\/span><\/a><\/p>\n<p>[\/et_pb_text][et_pb_video src=&#8221;https:\/\/www.youtube.com\/watch?v=kAszMcBO7Zc&#8221; _builder_version=&#8221;4.19.4&#8243; _module_preset=&#8221;default&#8221; global_colors_info=&#8221;{}&#8221;][\/et_pb_video][et_pb_text _builder_version=&#8221;4.19.4&#8243; _module_preset=&#8221;default&#8221; min_height=&#8221;117.2px&#8221; custom_margin=&#8221;-29px|||||&#8221; global_colors_info=&#8221;{}&#8221;]<\/p>\n<p class=\"style-scope ytd-watch-metadata\"><span dir=\"auto\" class=\"style-scope yt-formatted-string\">Rencontre \u00e0 la MEEL de Monthey pour parler du livre de Nathalie Perrin &#8220;Rimbaud, Rambo, Ramuz, L\u2019\u00e9trange destin de quelques maisons d\u2019\u00e9crivains&#8221; (art&amp;fiction, 2022), anim\u00e9 par Claire Burgy.<\/span><\/p>\n<p class=\"style-scope ytd-watch-metadata\"><yt-formatted-string disable-attributed-string=\"\" split-lines=\"\" class=\"style-scope ytd-text-inline-expander\"><span dir=\"auto\" class=\"style-scope yt-formatted-string\"><\/span><\/yt-formatted-string><a href=\"https:\/\/www.youtube.com\/watch?v=kAszMcBO7Zc\"><span dir=\"auto\" class=\"style-scope yt-formatted-string\"><yt-formatted-string disable-attributed-string=\"\" split-lines=\"\" class=\"style-scope ytd-text-inline-expander\">Rencontre Tulalu!? du 23 janvier 2023\u00a0<\/yt-formatted-string><\/span><\/a><\/p>\n<p>[\/et_pb_text][et_pb_video src=&#8221;https:\/\/www.youtube.com\/watch?v=gxftHHB4fpk&#8221; _builder_version=&#8221;4.19.4&#8243; _module_preset=&#8221;default&#8221; global_colors_info=&#8221;{}&#8221;][\/et_pb_video][et_pb_text _builder_version=&#8221;4.19.4&#8243; _module_preset=&#8221;default&#8221; min_height=&#8221;117.2px&#8221; custom_margin=&#8221;-29px|||||&#8221; global_colors_info=&#8221;{}&#8221;]<\/p>\n<p class=\"style-scope ytd-watch-metadata\">Hommage \u00e0 Anne Bottani-Zuber<br \/>Michel Moret, le directeur des \u00c9ditions de l\u2019Aire, \u00e9tait pr\u00e9sent et nous a parl\u00e9 de l\u2019auteure et de son \u0153uvre. 2\/3<br \/><yt-formatted-string disable-attributed-string=\"\" split-lines=\"\" class=\"style-scope ytd-text-inline-expander\"><span dir=\"auto\" class=\"style-scope yt-formatted-string\"><\/span><\/yt-formatted-string><a href=\"https:\/\/tulalu.ch\/2022\/08\/12\/hommage-a-anne-bottani-zuber\/\"><span dir=\"auto\" class=\"style-scope yt-formatted-string\"><yt-formatted-string disable-attributed-string=\"\" split-lines=\"\" class=\"style-scope ytd-text-inline-expander\">Rencontre Tulalu!? du 12 d\u00e9cembre 2022<\/yt-formatted-string><\/span><\/a><\/p>\n<p>[\/et_pb_text][et_pb_video src=&#8221;https:\/\/www.youtube.com\/watch?v=SPFSQoNeEbQ&#8221; _builder_version=&#8221;4.19.4&#8243; _module_preset=&#8221;default&#8221; global_colors_info=&#8221;{}&#8221;][\/et_pb_video][et_pb_text _builder_version=&#8221;4.19.4&#8243; _module_preset=&#8221;default&#8221; min_height=&#8221;117.2px&#8221; custom_margin=&#8221;-29px|||||&#8221; global_colors_info=&#8221;{}&#8221;]<\/p>\n<p class=\"style-scope ytd-watch-metadata\">Hommage \u00e0 Anne Bottani-Zuber<br \/>La com\u00e9dienne Olivia Seigne a lu des nouvelles de son recueil <em>D\u00e9sirs et servitudes<\/em> (L\u2019Aire, 2018).<br \/><yt-formatted-string disable-attributed-string=\"\" split-lines=\"\" class=\"style-scope ytd-text-inline-expander\"><span dir=\"auto\" class=\"style-scope yt-formatted-string\"><\/span><\/yt-formatted-string><a href=\"https:\/\/tulalu.ch\/2022\/08\/12\/hommage-a-anne-bottani-zuber\/\"><span dir=\"auto\" class=\"style-scope yt-formatted-string\"><yt-formatted-string disable-attributed-string=\"\" split-lines=\"\" class=\"style-scope ytd-text-inline-expander\">Rencontre Tulalu!? du 12 d\u00e9cembre 2022<\/yt-formatted-string><\/span><\/a><\/p>\n<p>[\/et_pb_text][et_pb_video src=&#8221;https:\/\/youtu.be\/RdqtqfzbfR8&#8243; _builder_version=&#8221;4.18.0&#8243; _module_preset=&#8221;default&#8221; min_height=&#8221;283.3px&#8221; custom_margin=&#8221;||1px|||&#8221; global_colors_info=&#8221;{}&#8221;][\/et_pb_video][et_pb_text _builder_version=&#8221;4.19.4&#8243; _module_preset=&#8221;default&#8221; min_height=&#8221;117.2px&#8221; global_colors_info=&#8221;{}&#8221;]<\/p>\n<p>Matthieu M\u00e9gevand<br \/><a href=\"https:\/\/tulalu.ch\/2022\/08\/09\/rencontre-avec-matthieu-megevand\/\">Rencontre du 10 octobre 2022<\/a><\/p>\n<p>[\/et_pb_text][et_pb_video src=&#8221;https:\/\/youtu.be\/6obGvkyrAq4&#8243; _builder_version=&#8221;4.19.4&#8243; _module_preset=&#8221;default&#8221; min_height=&#8221;117.2px&#8221; global_colors_info=&#8221;{}&#8221;][\/et_pb_video][et_pb_text _builder_version=&#8221;4.19.4&#8243; _module_preset=&#8221;default&#8221; min_height=&#8221;117.2px&#8221; custom_margin=&#8221;-30px|||||&#8221; global_colors_info=&#8221;{}&#8221;]<\/p>\n<p><span style=\"caret-color: #000000; color: #000000; font-family: Calibri, Helvetica, sans-serif; font-size: 16px; font-style: normal; font-variant-caps: normal; font-weight: 400; letter-spacing: normal; orphans: auto; text-align: start; text-indent: 0px; text-transform: none; white-space: normal; widows: auto; word-spacing: 0px; -webkit-text-size-adjust: auto; -webkit-text-stroke-width: 0px; background-color: #ffffff; text-decoration: none; display: inline !important; float: none;\">Jean-Jacques Busino : Un musicien frustr\u00e9 qui \u00e9crit des romans.<br \/><a href=\"https:\/\/tulalu.ch\/2022\/08\/15\/rencontre-avec-jean-jacques-busino\/\">Rencontre du 12 septembre 2022<\/a><br \/><\/span><span style=\"caret-color: #000000; color: #000000; font-family: Calibri, Helvetica, sans-serif; font-size: 16px; font-style: normal; font-variant-caps: normal; font-weight: 400; letter-spacing: normal; orphans: auto; text-align: start; text-indent: 0px; text-transform: none; white-space: normal; widows: auto; word-spacing: 0px; -webkit-text-size-adjust: auto; -webkit-text-stroke-width: 0px; background-color: #ffffff; text-decoration: none; display: inline !important; float: none;\"><\/span><span style=\"caret-color: #000000; color: #000000; font-family: Calibri, Helvetica, sans-serif; font-size: 16px; font-style: normal; font-variant-caps: normal; font-weight: 400; letter-spacing: normal; orphans: auto; text-align: start; text-indent: 0px; text-transform: none; white-space: normal; widows: auto; word-spacing: 0px; -webkit-text-size-adjust: auto; -webkit-text-stroke-width: 0px; background-color: #ffffff; text-decoration: none; display: inline !important; float: none;\"><\/span><\/p>\n<p>[\/et_pb_text][et_pb_video src=&#8221;https:\/\/www.youtube.com\/watch?v=yl1333XfAcM&#8221; _builder_version=&#8221;4.18.0&#8243; _module_preset=&#8221;default&#8221; global_colors_info=&#8221;{}&#8221;][\/et_pb_video][et_pb_text _builder_version=&#8221;4.19.4&#8243; _module_preset=&#8221;default&#8221; min_height=&#8221;117.2px&#8221; custom_margin=&#8221;-36px|||||&#8221; global_colors_info=&#8221;{}&#8221;]<\/p>\n<p><span style=\"caret-color: #000000; color: #000000; font-family: Calibri, Helvetica, sans-serif; font-size: 16px; font-style: normal; font-variant-caps: normal; font-weight: 400; letter-spacing: normal; orphans: auto; text-align: start; text-indent: 0px; text-transform: none; white-space: normal; widows: auto; word-spacing: 0px; -webkit-text-size-adjust: auto; -webkit-text-stroke-width: 0px; text-decoration: none; display: inline !important; float: none;\">Les punchlines de Jean-Jacques Busino.<br \/><a href=\"https:\/\/tulalu.ch\/2022\/08\/15\/rencontre-avec-jean-jacques-busino\/\">Rencontre du 12 septembre 2022<\/a><\/span><span style=\"caret-color: #000000; color: #000000; font-family: Calibri, Helvetica, sans-serif; font-size: 16px; font-style: normal; font-variant-caps: normal; font-weight: 400; letter-spacing: normal; orphans: auto; text-align: start; text-indent: 0px; text-transform: none; white-space: normal; widows: auto; word-spacing: 0px; -webkit-text-size-adjust: auto; -webkit-text-stroke-width: 0px; text-decoration: none; display: inline !important; float: none;\"><\/span><\/p>\n<p>[\/et_pb_text][\/et_pb_column][\/et_pb_row][\/et_pb_section]<\/p>\n","protected":false},"excerpt":{"rendered":"<p>Extraits Vid\u00e9osRencontre au Caf\u00e9 du Loup o\u00f9 nous avons re\u00e7u Bastien Roubaty et son roman\u00a0Le Gar\u00e7on-l\u00e9opard\u00a0(PLF \u00e9ditions, 2022), anim\u00e9e par Alex Berto et accompagnement musical \u00e0 la clarinette par Adeline Melo. Rencontre Tulalu !? du 19 f\u00e9vrier 2024Rencontre au Caf\u00e9 du Loup o\u00f9 nous avons re\u00e7u Bastien Roubaty et son roman\u00a0Le Gar\u00e7on-l\u00e9opard\u00a0(PLF \u00e9ditions, 2022), anim\u00e9e [&hellip;]<\/p>\n","protected":false},"author":2,"featured_media":0,"parent":0,"menu_order":0,"comment_status":"closed","ping_status":"closed","template":"","meta":{"_et_pb_use_builder":"on","_et_pb_old_content":"","_et_gb_content_width":"","footnotes":""},"class_list":["post-708","page","type-page","status-publish","hentry"],"_links":{"self":[{"href":"https:\/\/tulalu.ch\/index.php?rest_route=\/wp\/v2\/pages\/708","targetHints":{"allow":["GET"]}}],"collection":[{"href":"https:\/\/tulalu.ch\/index.php?rest_route=\/wp\/v2\/pages"}],"about":[{"href":"https:\/\/tulalu.ch\/index.php?rest_route=\/wp\/v2\/types\/page"}],"author":[{"embeddable":true,"href":"https:\/\/tulalu.ch\/index.php?rest_route=\/wp\/v2\/users\/2"}],"replies":[{"embeddable":true,"href":"https:\/\/tulalu.ch\/index.php?rest_route=%2Fwp%2Fv2%2Fcomments&post=708"}],"version-history":[{"count":24,"href":"https:\/\/tulalu.ch\/index.php?rest_route=\/wp\/v2\/pages\/708\/revisions"}],"predecessor-version":[{"id":1581,"href":"https:\/\/tulalu.ch\/index.php?rest_route=\/wp\/v2\/pages\/708\/revisions\/1581"}],"wp:attachment":[{"href":"https:\/\/tulalu.ch\/index.php?rest_route=%2Fwp%2Fv2%2Fmedia&parent=708"}],"curies":[{"name":"wp","href":"https:\/\/api.w.org\/{rel}","templated":true}]}}